{"id":7324,"date":"2025-04-16T14:25:06","date_gmt":"2025-04-16T12:25:06","guid":{"rendered":"https:\/\/www.auxtalents.de\/?page_id=7324"},"modified":"2026-04-22T17:11:35","modified_gmt":"2026-04-22T15:11:35","slug":"art-and-culture","status":"publish","type":"page","link":"https:\/\/www.auxtalents.de\/en\/life\/art-and-culture\/","title":{"rendered":"Art and culture"},"content":{"rendered":"\t\t<div data-elementor-type=\"wp-page\" data-elementor-id=\"7324\" class=\"elementor elementor-7324 elementor-1848\" data-elementor-post-type=\"page\">\n\t\t\t\t<div class=\"elementor-element elementor-element-2d36cd0 e-flex e-con-boxed e-con e-parent\" data-id=\"2d36cd0\" data-element_type=\"container\" data-e-type=\"container\">\n\t\t\t\t\t<div class=\"e-con-inner\">\n\t\t\t\t<div class=\"elementor-element elementor-element-636d733 elementor-widget elementor-widget-a3-teaser\" data-id=\"636d733\" data-element_type=\"widget\" data-e-type=\"widget\" data-widget_type=\"a3-teaser.default\">\n\t\t\t\t<div class=\"elementor-widget-container\">\n\t\t\t\t\t\n\n<!-- Widget Start -->\n\n\n<div class=\"widget widget-at-pink\">\n    <div class=\"widget-content media-teaser  media-teaser-slider\">\n\n                    \n            <div class=\"media-teaser-slide bg-at-pink\">\n                <div class=\"media-teaser-background\"  style=\"background-image:url(https:\/\/www.auxtalents.de\/wp-content\/uploads\/sites\/10\/2025\/04\/ihin_Sommernaechte-2018-5-Gross.jpg);background-position:center\" data-debug='{\"url\":\"https:\\\/\\\/www.auxtalents.de\\\/wp-content\\\/uploads\\\/sites\\\/10\\\/2025\\\/04\\\/ihin_Sommernaechte-2018-5-Gross.jpg\",\"id\":\"1856\",\"size\":\"\",\"alt\":\"\",\"source\":\"library\"}' alt=\"Summer nights on Maxstra\u00dfe\" role=\"img\" aria-label=\"Summer nights on Maxstra\u00dfe\" data-copyright=\"\u00a9 Augsburg Marketing \/ J\u00f6rg Hinrichs\" width=\"150\" height=\"103\">\n\n                    \n                <\/div>\n                <div class=\"media-teaser-content\">\n                    <div class=\"container\">\n                        <div class=\"row\">\n                            <div class=\"media-teaser-content-box col-12 col-lg-5 offset-lg-7 col-xl-4 offset-xl-8\" title=\"\">\n                                                                                                                                    <div class=\"media-teaser-content-box-wrapper\" style=\"\">\n                                        <h1 class=\"h1  mb-4\">\n        <span class=\"h4\">Creativity meets history, scene meets passion<\/span>\n        <span style=\"display:none\">\u2013<\/span>\n        Art &amp; Culture \u2013 Experience, Discover, Inspire\n    <\/h1>\n\n                                    <div class=\"media-teaser-content-box-text\">\n                                        <p>We\u2019re bursting with culture! From historical treasures to modern art installations, from captivating theatre productions to urban festivals \u2013 this is where tradition and contemporary spirit come together. Aux is a place that inspires, connects and never ceases to surprise. Immerse yourself, discover the creative diversity and let yourself be inspired!<\/p>                                    <\/div>\n                                                                    <\/div>\n                            <\/div>\n                        <\/div>\n                    <\/div>\n                <\/div>\n            <\/div>\n            <\/div>\n<\/div>\n\n<!-- Widget End -->\n\n\t\t\t\t<\/div>\n\t\t\t\t<\/div>\n\t\t\t\t\t<\/div>\n\t\t\t\t<\/div>\n\t\t<div class=\"elementor-element elementor-element-f7ceb96 e-flex e-con-boxed e-con e-parent\" data-id=\"f7ceb96\" data-element_type=\"container\" data-e-type=\"container\">\n\t\t\t\t\t<div class=\"e-con-inner\">\n\t\t\t\t<div class=\"elementor-element elementor-element-daad233 elementor-widget elementor-widget-a3-text-media\" data-id=\"daad233\" data-element_type=\"widget\" data-e-type=\"widget\" data-widget_type=\"a3-text-media.default\">\n\t\t\t\t<div class=\"elementor-widget-container\">\n\t\t\t\t\t\n\n<!-- Widget Start -->\n\n    <div class=\"widget widget-at-gold\">\n        <div class=\"widget-content\">\n            <div class=\"container  mb-4\">\n    <h2 class=\"h1  mb-4\">\n        \n    <\/h2>\n<\/div>\n            <div class=\"container\">\n                                                                                        <div class=\"widget-at-gold\">\n                                <div class=\"slider\" slider-xs=\"1\" slider-sm=\"1\" slider-lg=\"1\" slider-max=\"1\" slider-count=\"1\">\n                        \n                                <div class=\"media-col-6\">\n                                    <div class=\"row align-items-start \">\n                                        <div class=\"col-12 col-lg-6 order-lg-1\">                                        <div class=\"media-col-6-image\" data-debug='{\"url\":\"https:\\\/\\\/www.auxtalents.de\\\/wp-content\\\/uploads\\\/sites\\\/10\\\/2025\\\/04\\\/golden-hall-4281685_1280.jpg\",\"id\":\"2347\",\"size\":\"\",\"alt\":\"\",\"source\":\"library\"}' alt=\"Golden Hall, Augsburg\" role=\"img\" aria-label=\"Golden Hall, Augsburg\" data-copyright=\"\u00a9 stux\" width=\"150\" height=\"100\"><img decoding=\"async\" src=\"https:\/\/www.auxtalents.de\/wp-content\/uploads\/sites\/10\/2025\/04\/golden-hall-4281685_1280.jpg\" data-debug='{\"url\":\"https:\\\/\\\/www.auxtalents.de\\\/wp-content\\\/uploads\\\/sites\\\/10\\\/2025\\\/04\\\/golden-hall-4281685_1280.jpg\",\"id\":\"2347\",\"size\":\"\",\"alt\":\"\",\"source\":\"library\"}' alt=\"Golden Hall, Augsburg\" role=\"img\" aria-label=\"Golden Hall, Augsburg\" data-copyright=\"\u00a9 stux\" width=\"150\" height=\"100\">                                            \n                                                    <\/div>\n                                                <\/div>\n\n                                                <div class=\"col-12 col-lg-6 order-lg-0\">                                                <div class=\"media-col-6-content text-left\">\n                                                        <h3 class=\"h2  mb-4\">\n        <span class=\"h4\">Make way for your leisure time!<\/span>\n        <span style=\"display:none\">\u2013<\/span>\n        Discover the cultural scene\n    <\/h3>\n                                                    <div class=\"show-m\">\n                                                        <p>\u00a0<\/p><p>Do you enjoy spending your free time exploring art and culture? Then Augsburg is the perfect place for you. Whether it\u2019s festivals, the State Theatre or smaller stages at cool venues, there\u2019s something here to suit every taste. Enjoy theatre and ballet, music and cabaret, or let yourself be enchanted by music and opera. A definite highlight in summer are the performances on the open-air stage with a view of the medieval bastion at the Rotes Tor.<\/p><p>Art lovers will also be in their element: marvel at impressive highlights such as the magnificent Golden Hall in the Town Hall or exciting exhibitions at the Staatsgalerie or the H2 \u2013 Centre for Contemporary Art.<\/p>                                                    <\/div>\n                                                    <div class=\"hide-m\">\n                                                        <p>\u00a0<\/p><p>Do you enjoy spending your free time exploring art and culture? Then Augsburg is the perfect place for you. Whether it\u2019s festivals, the State Theatre or smaller stages at cool venues, there\u2019s something here to suit every taste. Enjoy theatre and ballet, music and cabaret, or let yourself be enchanted by music and opera. A definite highlight in summer are the performances on the open-air stage with a view of the medieval bastion at the Rotes Tor.<\/p><p>Art lovers will also be in their element: marvel at impressive highlights such as the magnificent Golden Hall in the Town Hall or exciting exhibitions at the Staatsgalerie or the H2 \u2013 Centre for Contemporary Art.<\/p>                                                    <\/div>\n                                                                                                    <\/div>\n                                    <\/div>\n                                <\/div>\n                                <\/div>\n\n                                                            <\/div>\n            <\/div>\n                                                    \n                    \n                    \n                    \n                    \n                    \n\n                    \n                                        <\/div>\n        <\/div>\n    <\/div>\n    \n\n<!-- Widget End -->\n\n\t\t\t\t<\/div>\n\t\t\t\t<\/div>\n\t\t\t\t\t<\/div>\n\t\t\t\t<\/div>\n\t\t<div class=\"elementor-element elementor-element-1b47051 e-flex e-con-boxed e-con e-parent\" data-id=\"1b47051\" data-element_type=\"container\" data-e-type=\"container\">\n\t\t\t\t\t<div class=\"e-con-inner\">\n\t\t\t\t<div class=\"elementor-element elementor-element-521b3af elementor-widget elementor-widget-a3-quote\" data-id=\"521b3af\" data-element_type=\"widget\" data-e-type=\"widget\" data-widget_type=\"a3-quote.default\">\n\t\t\t\t<div class=\"elementor-widget-container\">\n\t\t\t\t\t\n\n<!-- Widget Start -->\n\n<div class=\"widget widget-at-gold\">\n    <div class=\"widget-content\">\n        \n                <div class=\"media media-bg-cover media-has-box-image media-quote media-bg-cover-tl \"\n             style=\"background-image: url('https:\/\/www.auxtalents.de\/wp-content\/uploads\/sites\/10\/2025\/05\/Regionale-Identitaet_0003-02321-LAB30.jpg')\" title=\"Array\"\n             data-copyright=\"Array \u00a9  A\u00b3 \/ Photographer: Christian Strohmayr\" role=\"img\" aria-label=\"Array\">\n            <div class=\"media-quote-background\" style=\"background-image:url('https:\/\/www.auxtalents.de\/wp-content\/uploads\/sites\/10\/2025\/05\/Regionale-Identitaet_0003-02321-LAB30.jpg')\"><\/div>\n            <div class=\"container\">\n                <div class=\"row justify-content-end\">\n                    <div class=\"media-tl col-12 col-xl-6\">\n                                                    <div class=\"media-box media-box-icon bg-at-gold\">\n                                                                    <p><i class=\"icon-location-dot-solid\"><\/i><\/p>\n                                                                                                                                                                    <h3 class=\"h2\">A lively scene<\/h3>\n                                                                <p>Augsburg\u2019s arts and culture scene is incredibly diverse. Whether on a grand scale or on a smaller scale, you\u2019ll never get bored here. Among the top venues are the Kulturhaus Kresslesm\u00fchle, the Kulturfabrik, the Kulturhaus Abraxas and, of course, the Augsburger Puppenkiste.<\/p><p>With such a wide range of options, there\u2019s something for audiences of all ages. After the show, you\u2019ll be doubled up with laughter, inspired to reflect, or whisked away to a whole new world. Shape your leisure time just as you like and discover art and culture in Augsburg.<\/p>                                                            <\/div>\n                        \n                                            <\/div>\n                                    <\/div>\n            <\/div>\n        <\/div>\n            <\/div>\n<\/div>\n\n\n<!-- Widget End -->\n\n\t\t\t\t<\/div>\n\t\t\t\t<\/div>\n\t\t\t\t\t<\/div>\n\t\t\t\t<\/div>\n\t\t<div class=\"elementor-element elementor-element-3187c0f e-flex e-con-boxed e-con e-parent\" data-id=\"3187c0f\" data-element_type=\"container\" data-e-type=\"container\">\n\t\t\t\t\t<div class=\"e-con-inner\">\n\t\t\t\t<div class=\"elementor-element elementor-element-105ea54 elementor-widget elementor-widget-a3-text-media\" data-id=\"105ea54\" data-element_type=\"widget\" data-e-type=\"widget\" data-widget_type=\"a3-text-media.default\">\n\t\t\t\t<div class=\"elementor-widget-container\">\n\t\t\t\t\t\n\n<!-- Widget Start -->\n\n    <div class=\"widget widget-at-blue\">\n        <div class=\"widget-content\">\n            <div class=\"container  mb-4\">\n    <h2 class=\"h1  mb-4\">\n        \n    <\/h2>\n<\/div>\n            <div class=\"container\">\n                                                                                        <div class=\"widget-at-blue\">\n                                <div class=\"slider\" slider-xs=\"1\" slider-sm=\"1\" slider-lg=\"1\" slider-max=\"1\" slider-count=\"1\">\n                        \n                                <div class=\"media-col-6\">\n                                    <div class=\"row align-items-start \">\n                                        <div class=\"col-12 col-lg-6 order-lg-1\">                                                                                        <div class=\"media-col-6-video ratio-16x9-pt\">\n                                                    <div>\n                                                         <div class=\"brlbs-cmpnt-container brlbs-cmpnt-content-blocker brlbs-cmpnt-with-individual-styles\" data-borlabs-cookie-content-blocker-id=\"youtube-content-blocker\" data-borlabs-cookie-content=\"PGlmcmFtZSB3aWR0aD0iMTAwJSIgc3JjPSJodHRwczovL3d3dy55b3V0dWJlLW5vY29va2llLmNvbS9lbWJlZC81UnhpM0hOajNxRSIgZnJhbWVib3JkZXI9IjAiIGFsbG93PSJhY2NlbGVyb21ldGVyOyBhdXRvcGxheTsgY2xpcGJvYXJkLXdyaXRlOyBlbmNyeXB0ZWQtbWVkaWE7IGd5cm9zY29wZTsgcGljdHVyZS1pbi1waWN0dXJlIiBhbGxvd2Z1bGxzY3JlZW4+PC9pZnJhbWU+\"><div class=\"brlbs-cmpnt-cb-preset-c brlbs-cmpnt-cb-youtube\"> <div class=\"brlbs-cmpnt-cb-thumbnail\" style=\"background-image: url('https:\/\/www.auxtalents.de\/wp-content\/uploads\/borlabs-cookie\/10\/yt_5Rxi3HNj3qE_hqdefault.jpg')\"><\/div> <div class=\"brlbs-cmpnt-cb-main\"> <div class=\"brlbs-cmpnt-cb-play-button\"><\/div> <div class=\"brlbs-cmpnt-cb-content\"> <p class=\"brlbs-cmpnt-cb-description\">You are currently viewing a placeholder content from <strong>YouTube<\/strong>. To access the actual content, click the button below. Please note that doing so will share data with third-party providers.<\/p> <a class=\"brlbs-cmpnt-cb-provider-toggle\" href=\"#\" data-borlabs-cookie-show-provider-information role=\"button\">More Information<\/a> <\/div> <div class=\"brlbs-cmpnt-cb-buttons\"> <a class=\"brlbs-cmpnt-cb-btn\" href=\"#\" data-borlabs-cookie-unblock role=\"button\">Unblock content<\/a> <a class=\"brlbs-cmpnt-cb-btn\" href=\"#\" data-borlabs-cookie-accept-service role=\"button\" style=\"display: inherit\">Accept required service and unblock content<\/a> <\/div> <\/div> <\/div><\/div>\n                                                    <\/div>\n                                                \n                                                    <\/div>\n                                                <\/div>\n\n                                                <div class=\"col-12 col-lg-6 order-lg-0\">                                                <div class=\"media-col-6-content text-left\">\n                                                        <h3 class=\"h2  mb-4\">\n        Commitment and Culture at Modular\n    <\/h3>\n                                                    <div class=\"show-m\">\n                                                        <p>The Modular Festival is organised by the Stadtjugendring Augsburg (SJR) and supported by the City of Augsburg. We attended in 2022 and got a sense of the volunteers\u2019 work.<br \/>The festival is not only a meeting place for young people, but also an important part of Augsburg\u2019s cultural scene: with live music, art installations, performances and creative workshops, Modular creates a space for contemporary youth culture and innovative forms of expression.<\/p>                                                    <\/div>\n                                                    <div class=\"hide-m\">\n                                                        <p>The Modular Festival is organised by the Stadtjugendring Augsburg (SJR) and supported by the City of Augsburg. We attended in 2022 and got a sense of the volunteers\u2019 work.<br \/>The festival is not only a meeting place for young people, but also an important part of Augsburg\u2019s cultural scene: with live music, art installations, performances and creative workshops, Modular creates a space for contemporary youth culture and innovative forms of expression.<\/p>                                                    <\/div>\n                                                                                                    <\/div>\n                                    <\/div>\n                                <\/div>\n                                <\/div>\n\n                                                            <\/div>\n            <\/div>\n                                                    \n                    \n                    \n                    \n                    \n                    \n\n                    \n                                        <\/div>\n        <\/div>\n    <\/div>\n    \n\n<!-- Widget End -->\n\n\t\t\t\t<\/div>\n\t\t\t\t<\/div>\n\t\t\t\t\t<\/div>\n\t\t\t\t<\/div>\n\t\t<div class=\"elementor-element elementor-element-5dad206 e-flex e-con-boxed e-con e-parent\" data-id=\"5dad206\" data-element_type=\"container\" data-e-type=\"container\">\n\t\t\t\t\t<div class=\"e-con-inner\">\n\t\t\t\t<div class=\"elementor-element elementor-element-febd86a elementor-widget elementor-widget-a3-button-media\" data-id=\"febd86a\" data-element_type=\"widget\" data-e-type=\"widget\" data-widget_type=\"a3-button-media.default\">\n\t\t\t\t<div class=\"elementor-widget-container\">\n\t\t\t\t\t\n\n<!-- Widget Start -->\n\n<div class=\"widget widget-at-teal\">\n\t<div class=\"widget-content\">\n\n\t<div class=\"container  mb-4\">\n    <h2 class=\"h1  mb-4\">\n        \n    <\/h2>\n<\/div>\n\n\t\t<div class=\"container\">\n\t\t\n\t\t\t\t\t\t\t\t\t\t\t\t\t<div class=\"slider\" slider-xs=\"1\" slider-sm=\"2\" slider-lg=\"2\" slider-xl=\"2\" slider-count=\"2\"><!-- start row -->\n\t\t\t\n\t\t\t\t\t\t\t\t\t\t<div class=\"media-text-wrapper\n\t\t\t\t\t\t col-12\t\t\t\t\t\t\"\n\t\t\t\t\t\t\t data-xxx=\"\" data-amount=\"2\"><!-- start col -->\n\t\t\t\t\n\t\t\t\t\t\t\t\t\t\t\t\t\t\t\t\t\t\t\t\t<div class=\"media-button bg-at-teal media-button-effect\">\n\n\t\t\t\t\t\t\t\t\t\t\t\t\t\t\t\t\t<div class=\"aux-triangles\">\n\t\t\t\t\t\t\t\t\t\t<div class=\"media-button-triangles\" style=\"background-image: url(\/wp-content\/uploads\/bildelement.png);\"><\/div>\n\t\t\t\t\t\t\t\t\t<\/div>\n\t\t\t\t\t\t\t\t\n\t\t\t\t\t\t\t\t<div class=\"media-button-content\">\n\n\t\t\t\t\t\t\t\t\t    <h3 class=\"h2  mb-4\">\n        <span class=\"h4\">Diverse, captivating, unforgettable<\/span>\n        <span style=\"display:none\">\u2013<\/span>\n        Events in the region \u2013 Tradition meets creativity\n    <\/h3>\n\n\t\t\t\t\t\t\t\t\t\t\t\t\t\t\t\t\t\t\t<div class=\"media-button-text\">\n\t\t\t\t\t\t\t\t\t\t\t<p>In Aux, the past and the present come together in a masterful blend. From Expressionist exhibitions and captivating theatre productions to vibrant festivals, the arts and culture scene is sure to have something to suit your taste. Let yourself be inspired by Aux\u2019s creativity!<\/p><ul><li><a href=\"https:\/\/www.augsburg-tourismus.de\/de\/veranstaltungen\" target=\"_blank\" rel=\"noopener\">Regio Augsburg Tourism events calendar<\/a>\u00a0<em>(in German)\u00a0<\/em><\/li><\/ul>\t\t\t\t\t\t\t\t\t\t<\/div>\n\t\t\t\t\t\t\t\t\t\n\t\t\t\t\t\t\t\t\t\t\t\t\t\t\t\t\t\t\t<a href=\"https:\/\/www.augsburg-city.de\/veranstaltungen\/veranstaltungskalender\" type=\"button\"\n\t\t\t\t\t\t\t\t\t\t   class=\"btn btn-outline-primary-negative mt-3\"\n\t\t\t\t\t\t\t\t\t\t   title=\"Find out more here (in German)\"\n\t\t\t\t\t\t\t\t\t\t   target=\"_self\">\n\t\t\t\t\t\t\t\t\t\t\t<span>Find out more here (in German)<\/span>\n\t\t\t\t\t\t\t\t\t\t<\/a>\n\t\t\t\t\t\t\t\t\t\t\t\t\t\t\t\t\t<\/div>\n\t\t\t\t\t\t\t<\/div>\n\t\t\t\t\t\t\n\t\t\t\t\t\t<\/div><!-- end col -->\n\n\t\t\t\t\n\t\t\n\t\t\t\n\t\t\t\t\t\t\t\t\t\t<div class=\"media-text-wrapper\n\t\t\t\t\t\t col-12\t\t\t\t\t\t\"\n\t\t\t\t\t\t\t data-xxx=\"\" data-amount=\"2\"><!-- start col -->\n\t\t\t\t\n\t\t\t\t\t\t\t\t\t\t\t\t\t\t\t\t\t\t\t\t<div class=\"media-button bg-at-teal media-button-effect\">\n\n\t\t\t\t\t\t\t\t\t\t\t\t\t\t\t\t\t<div class=\"aux-triangles\">\n\t\t\t\t\t\t\t\t\t\t<div class=\"media-button-triangles\" style=\"background-image: url(\/wp-content\/uploads\/bildelement.png);\"><\/div>\n\t\t\t\t\t\t\t\t\t<\/div>\n\t\t\t\t\t\t\t\t\n\t\t\t\t\t\t\t\t<div class=\"media-button-content\">\n\n\t\t\t\t\t\t\t\t\t    <h3 class=\"h2  mb-4\">\n        <span class=\"h4\">Art and culture in the countryside<\/span>\n        <span style=\"display:none\">\u2013<\/span>\n        Other offers in the Augsburg and Aichach-Friedberg districts\n    <\/h3>\n\n\t\t\t\t\t\t\t\t\t\t\t\t\t\t\t\t\t\t\t<div class=\"media-button-text\">\n\t\t\t\t\t\t\t\t\t\t\t<p>Culture lovers will find plenty to enjoy not only in the city, but also in rural areas. Various theatres and venues open their doors to professional performers, cabaret artists, musicians and local clubs, all of whom put on a wide variety of programmes. Venues you should definitely make a note of include the Kleinkunstb\u00fchne K\u00f6nigsbrunn, the Kulturstadl in W\u00f6rleschwang, the Archivhof and Wittelsbach Castle.<\/p>\t\t\t\t\t\t\t\t\t\t<\/div>\n\t\t\t\t\t\t\t\t\t\n\t\t\t\t\t\t\t\t\t\t\t\t\t\t\t\t\t\t\t<a href=\"https:\/\/www.region-a3.com\/story\/kunst-und-kultur\/\" type=\"button\"\n\t\t\t\t\t\t\t\t\t\t   class=\"btn btn-outline-primary-negative mt-3\"\n\t\t\t\t\t\t\t\t\t\t   title=\"Read more in the article on A\u00b3 (in German)\"\n\t\t\t\t\t\t\t\t\t\t   target=\"_self\">\n\t\t\t\t\t\t\t\t\t\t\t<span>Read more in the article on A\u00b3 (in German)<\/span>\n\t\t\t\t\t\t\t\t\t\t<\/a>\n\t\t\t\t\t\t\t\t\t\t\t\t\t\t\t\t\t<\/div>\n\t\t\t\t\t\t\t<\/div>\n\t\t\t\t\t\t\n\t\t\t\t\t\t<\/div><!-- end col -->\n\n\t\t\t\t\t\t\t\t\t<\/div><!-- end row -->\n\t\t\t\t\n\t\t\t\t<\/div>\n\t\t\t<\/div>\n<\/div>\n\t\n\n<!-- Widget End -->\n\n\t\t\t\t<\/div>\n\t\t\t\t<\/div>\n\t\t\t\t\t<\/div>\n\t\t\t\t<\/div>\n\t\t\t\t<\/div>\n\t\t","protected":false},"excerpt":{"rendered":"<p>Creativity meets history, scene meets passion \u2013 Art &amp; Culture \u2013 Experience, Discover, Inspire We\u2019re bursting with culture! From historical treasures to modern art installations, from captivating theatre productions to urban festivals \u2013 this is where tradition and contemporary spirit come together. Aux is a place that inspires, connects and never ceases to surprise. Immerse [&hellip;]<\/p>\n","protected":false},"author":108,"featured_media":0,"parent":6502,"menu_order":0,"comment_status":"closed","ping_status":"closed","template":"","meta":{"_acf_changed":false,"footnotes":""},"categories":[73,68],"tags":[],"class_list":["post-7324","page","type-page","status-publish","hentry","category-art-and-culture","category-life"],"acf":[],"yoast_head":"<!-- This site is optimized with the Yoast SEO plugin v27.5 - https:\/\/yoast.com\/product\/yoast-seo-wordpress\/ -->\n<title>Art and culture - aux.talents<\/title>\n<meta name=\"description\" content=\"From historical treasures to modern art installations \u2013 in Aux tradition and contemporary spirit come together.\" \/>\n<meta name=\"robots\" content=\"index, follow, max-snippet:-1, max-image-preview:large, max-video-preview:-1\" \/>\n<link rel=\"canonical\" href=\"https:\/\/www.auxtalents.de\/en\/life\/art-and-culture\/\" \/>\n<meta property=\"og:locale\" content=\"en_US\" \/>\n<meta property=\"og:type\" content=\"article\" \/>\n<meta property=\"og:title\" content=\"Art and culture - aux.talents\" \/>\n<meta property=\"og:description\" content=\"From historical treasures to modern art installations \u2013 in Aux tradition and contemporary spirit come together.\" \/>\n<meta property=\"og:url\" content=\"https:\/\/www.auxtalents.de\/en\/life\/art-and-culture\/\" \/>\n<meta property=\"og:site_name\" content=\"aux.talents\" \/>\n<meta property=\"article:modified_time\" content=\"2026-04-22T15:11:35+00:00\" \/>\n<meta property=\"og:image\" content=\"https:\/\/www.auxtalents.de\/wp-content\/uploads\/sites\/10\/2025\/04\/golden-hall-4281685_1280.jpg\" \/>\n<meta name=\"twitter:card\" content=\"summary_large_image\" \/>\n<meta name=\"twitter:label1\" content=\"Est. reading time\" \/>\n\t<meta name=\"twitter:data1\" content=\"5 minutes\" \/>\n<script type=\"application\/ld+json\" class=\"yoast-schema-graph\">{\"@context\":\"https:\\\/\\\/schema.org\",\"@graph\":[{\"@type\":\"WebPage\",\"@id\":\"https:\\\/\\\/www.auxtalents.de\\\/en\\\/life\\\/art-and-culture\\\/\",\"url\":\"https:\\\/\\\/www.auxtalents.de\\\/en\\\/life\\\/art-and-culture\\\/\",\"name\":\"Art and culture - aux.talents\",\"isPartOf\":{\"@id\":\"https:\\\/\\\/www.auxtalents.de\\\/#website\"},\"primaryImageOfPage\":{\"@id\":\"https:\\\/\\\/www.auxtalents.de\\\/en\\\/life\\\/art-and-culture\\\/#primaryimage\"},\"image\":{\"@id\":\"https:\\\/\\\/www.auxtalents.de\\\/en\\\/life\\\/art-and-culture\\\/#primaryimage\"},\"thumbnailUrl\":\"https:\\\/\\\/www.auxtalents.de\\\/wp-content\\\/uploads\\\/sites\\\/10\\\/2025\\\/04\\\/golden-hall-4281685_1280.jpg\",\"datePublished\":\"2025-04-16T12:25:06+00:00\",\"dateModified\":\"2026-04-22T15:11:35+00:00\",\"description\":\"From historical treasures to modern art installations \u2013 in Aux tradition and contemporary spirit come together.\",\"breadcrumb\":{\"@id\":\"https:\\\/\\\/www.auxtalents.de\\\/en\\\/life\\\/art-and-culture\\\/#breadcrumb\"},\"inLanguage\":\"en-US\",\"potentialAction\":[{\"@type\":\"ReadAction\",\"target\":[\"https:\\\/\\\/www.auxtalents.de\\\/en\\\/life\\\/art-and-culture\\\/\"]}]},{\"@type\":\"ImageObject\",\"inLanguage\":\"en-US\",\"@id\":\"https:\\\/\\\/www.auxtalents.de\\\/en\\\/life\\\/art-and-culture\\\/#primaryimage\",\"url\":\"https:\\\/\\\/www.auxtalents.de\\\/wp-content\\\/uploads\\\/sites\\\/10\\\/2025\\\/04\\\/golden-hall-4281685_1280.jpg\",\"contentUrl\":\"https:\\\/\\\/www.auxtalents.de\\\/wp-content\\\/uploads\\\/sites\\\/10\\\/2025\\\/04\\\/golden-hall-4281685_1280.jpg\"},{\"@type\":\"BreadcrumbList\",\"@id\":\"https:\\\/\\\/www.auxtalents.de\\\/en\\\/life\\\/art-and-culture\\\/#breadcrumb\",\"itemListElement\":[{\"@type\":\"ListItem\",\"position\":1,\"name\":\"Startseite\",\"item\":\"https:\\\/\\\/www.auxtalents.de\\\/en\\\/homepage\\\/\"},{\"@type\":\"ListItem\",\"position\":2,\"name\":\"Life\",\"item\":\"https:\\\/\\\/www.auxtalents.de\\\/en\\\/life\\\/\"},{\"@type\":\"ListItem\",\"position\":3,\"name\":\"Art and culture\"}]},{\"@type\":\"WebSite\",\"@id\":\"https:\\\/\\\/www.auxtalents.de\\\/#website\",\"url\":\"https:\\\/\\\/www.auxtalents.de\\\/\",\"name\":\"aux.talents\",\"description\":\"\",\"publisher\":{\"@id\":\"https:\\\/\\\/www.auxtalents.de\\\/#organization\"},\"potentialAction\":[{\"@type\":\"SearchAction\",\"target\":{\"@type\":\"EntryPoint\",\"urlTemplate\":\"https:\\\/\\\/www.auxtalents.de\\\/?s={search_term_string}\"},\"query-input\":{\"@type\":\"PropertyValueSpecification\",\"valueRequired\":true,\"valueName\":\"search_term_string\"}}],\"inLanguage\":\"en-US\"},{\"@type\":\"Organization\",\"@id\":\"https:\\\/\\\/www.auxtalents.de\\\/#organization\",\"name\":\"aux.talents\",\"url\":\"https:\\\/\\\/www.auxtalents.de\\\/\",\"logo\":{\"@type\":\"ImageObject\",\"inLanguage\":\"en-US\",\"@id\":\"https:\\\/\\\/www.auxtalents.de\\\/#\\\/schema\\\/logo\\\/image\\\/\",\"url\":\"https:\\\/\\\/www.auxtalents.de\\\/wp-content\\\/uploads\\\/sites\\\/10\\\/2025\\\/03\\\/auxtalents-logo.png\",\"contentUrl\":\"https:\\\/\\\/www.auxtalents.de\\\/wp-content\\\/uploads\\\/sites\\\/10\\\/2025\\\/03\\\/auxtalents-logo.png\",\"width\":338,\"height\":83,\"caption\":\"aux.talents\"},\"image\":{\"@id\":\"https:\\\/\\\/www.auxtalents.de\\\/#\\\/schema\\\/logo\\\/image\\\/\"}}]}<\/script>\n<!-- \/ Yoast SEO plugin. -->","yoast_head_json":{"title":"Art and culture - aux.talents","description":"From historical treasures to modern art installations \u2013 in Aux tradition and contemporary spirit come together.","robots":{"index":"index","follow":"follow","max-snippet":"max-snippet:-1","max-image-preview":"max-image-preview:large","max-video-preview":"max-video-preview:-1"},"canonical":"https:\/\/www.auxtalents.de\/en\/life\/art-and-culture\/","og_locale":"en_US","og_type":"article","og_title":"Art and culture - aux.talents","og_description":"From historical treasures to modern art installations \u2013 in Aux tradition and contemporary spirit come together.","og_url":"https:\/\/www.auxtalents.de\/en\/life\/art-and-culture\/","og_site_name":"aux.talents","article_modified_time":"2026-04-22T15:11:35+00:00","og_image":[{"url":"https:\/\/www.auxtalents.de\/wp-content\/uploads\/sites\/10\/2025\/04\/golden-hall-4281685_1280.jpg","type":"","width":"","height":""}],"twitter_card":"summary_large_image","twitter_misc":{"Est. reading time":"5 minutes"},"schema":{"@context":"https:\/\/schema.org","@graph":[{"@type":"WebPage","@id":"https:\/\/www.auxtalents.de\/en\/life\/art-and-culture\/","url":"https:\/\/www.auxtalents.de\/en\/life\/art-and-culture\/","name":"Art and culture - aux.talents","isPartOf":{"@id":"https:\/\/www.auxtalents.de\/#website"},"primaryImageOfPage":{"@id":"https:\/\/www.auxtalents.de\/en\/life\/art-and-culture\/#primaryimage"},"image":{"@id":"https:\/\/www.auxtalents.de\/en\/life\/art-and-culture\/#primaryimage"},"thumbnailUrl":"https:\/\/www.auxtalents.de\/wp-content\/uploads\/sites\/10\/2025\/04\/golden-hall-4281685_1280.jpg","datePublished":"2025-04-16T12:25:06+00:00","dateModified":"2026-04-22T15:11:35+00:00","description":"From historical treasures to modern art installations \u2013 in Aux tradition and contemporary spirit come together.","breadcrumb":{"@id":"https:\/\/www.auxtalents.de\/en\/life\/art-and-culture\/#breadcrumb"},"inLanguage":"en-US","potentialAction":[{"@type":"ReadAction","target":["https:\/\/www.auxtalents.de\/en\/life\/art-and-culture\/"]}]},{"@type":"ImageObject","inLanguage":"en-US","@id":"https:\/\/www.auxtalents.de\/en\/life\/art-and-culture\/#primaryimage","url":"https:\/\/www.auxtalents.de\/wp-content\/uploads\/sites\/10\/2025\/04\/golden-hall-4281685_1280.jpg","contentUrl":"https:\/\/www.auxtalents.de\/wp-content\/uploads\/sites\/10\/2025\/04\/golden-hall-4281685_1280.jpg"},{"@type":"BreadcrumbList","@id":"https:\/\/www.auxtalents.de\/en\/life\/art-and-culture\/#breadcrumb","itemListElement":[{"@type":"ListItem","position":1,"name":"Startseite","item":"https:\/\/www.auxtalents.de\/en\/homepage\/"},{"@type":"ListItem","position":2,"name":"Life","item":"https:\/\/www.auxtalents.de\/en\/life\/"},{"@type":"ListItem","position":3,"name":"Art and culture"}]},{"@type":"WebSite","@id":"https:\/\/www.auxtalents.de\/#website","url":"https:\/\/www.auxtalents.de\/","name":"aux.talents","description":"","publisher":{"@id":"https:\/\/www.auxtalents.de\/#organization"},"potentialAction":[{"@type":"SearchAction","target":{"@type":"EntryPoint","urlTemplate":"https:\/\/www.auxtalents.de\/?s={search_term_string}"},"query-input":{"@type":"PropertyValueSpecification","valueRequired":true,"valueName":"search_term_string"}}],"inLanguage":"en-US"},{"@type":"Organization","@id":"https:\/\/www.auxtalents.de\/#organization","name":"aux.talents","url":"https:\/\/www.auxtalents.de\/","logo":{"@type":"ImageObject","inLanguage":"en-US","@id":"https:\/\/www.auxtalents.de\/#\/schema\/logo\/image\/","url":"https:\/\/www.auxtalents.de\/wp-content\/uploads\/sites\/10\/2025\/03\/auxtalents-logo.png","contentUrl":"https:\/\/www.auxtalents.de\/wp-content\/uploads\/sites\/10\/2025\/03\/auxtalents-logo.png","width":338,"height":83,"caption":"aux.talents"},"image":{"@id":"https:\/\/www.auxtalents.de\/#\/schema\/logo\/image\/"}}]}},"publishpress_future_action":{"enabled":false,"date":"2026-05-07 21:17:52","action":"change-status","newStatus":"draft","terms":[],"taxonomy":"category","extraData":[]},"publishpress_future_workflow_manual_trigger":{"enabledWorkflows":[]},"_links":{"self":[{"href":"https:\/\/www.auxtalents.de\/en\/wp-json\/wp\/v2\/pages\/7324","targetHints":{"allow":["GET"]}}],"collection":[{"href":"https:\/\/www.auxtalents.de\/en\/wp-json\/wp\/v2\/pages"}],"about":[{"href":"https:\/\/www.auxtalents.de\/en\/wp-json\/wp\/v2\/types\/page"}],"author":[{"embeddable":true,"href":"https:\/\/www.auxtalents.de\/en\/wp-json\/wp\/v2\/users\/108"}],"replies":[{"embeddable":true,"href":"https:\/\/www.auxtalents.de\/en\/wp-json\/wp\/v2\/comments?post=7324"}],"version-history":[{"count":9,"href":"https:\/\/www.auxtalents.de\/en\/wp-json\/wp\/v2\/pages\/7324\/revisions"}],"predecessor-version":[{"id":7339,"href":"https:\/\/www.auxtalents.de\/en\/wp-json\/wp\/v2\/pages\/7324\/revisions\/7339"}],"up":[{"embeddable":true,"href":"https:\/\/www.auxtalents.de\/en\/wp-json\/wp\/v2\/pages\/6502"}],"wp:attachment":[{"href":"https:\/\/www.auxtalents.de\/en\/wp-json\/wp\/v2\/media?parent=7324"}],"wp:term":[{"taxonomy":"category","embeddable":true,"href":"https:\/\/www.auxtalents.de\/en\/wp-json\/wp\/v2\/categories?post=7324"},{"taxonomy":"post_tag","embeddable":true,"href":"https:\/\/www.auxtalents.de\/en\/wp-json\/wp\/v2\/tags?post=7324"}],"curies":[{"name":"wp","href":"https:\/\/api.w.org\/{rel}","templated":true}]}}