{"id":6605,"date":"2025-04-15T14:14:18","date_gmt":"2025-04-15T12:14:18","guid":{"rendered":"https:\/\/www.auxtalents.de\/?page_id=6605"},"modified":"2026-04-27T15:25:41","modified_gmt":"2026-04-27T13:25:41","slug":"international-talents","status":"publish","type":"page","link":"https:\/\/www.auxtalents.de\/en\/education\/international-talents\/","title":{"rendered":"International talents"},"content":{"rendered":"\t\t<div data-elementor-type=\"wp-page\" data-elementor-id=\"6605\" class=\"elementor elementor-6605 elementor-1698\" data-elementor-post-type=\"page\">\n\t\t\t\t<div class=\"elementor-element elementor-element-2d36cd0 e-flex e-con-boxed e-con e-parent\" data-id=\"2d36cd0\" data-element_type=\"container\" data-e-type=\"container\">\n\t\t\t\t\t<div class=\"e-con-inner\">\n\t\t\t\t<div class=\"elementor-element elementor-element-636d733 elementor-widget elementor-widget-a3-teaser\" data-id=\"636d733\" data-element_type=\"widget\" data-e-type=\"widget\" data-widget_type=\"a3-teaser.default\">\n\t\t\t\t<div class=\"elementor-widget-container\">\n\t\t\t\t\t\n\n<!-- Widget Start -->\n\n\n<div class=\"widget widget-at-gold\">\n    <div class=\"widget-content media-teaser  media-teaser-slider\">\n\n                    \n            <div class=\"media-teaser-slide bg-at-gold\">\n                <div class=\"media-teaser-background\"  style=\"background-image:url(https:\/\/www.auxtalents.de\/wp-content\/uploads\/sites\/10\/2025\/04\/Ambu-Innovation-GmbH-Regionale-Identitaet-3.jpg);background-position:center\" data-debug='{\"url\":\"https:\\\/\\\/www.auxtalents.de\\\/wp-content\\\/uploads\\\/sites\\\/10\\\/2025\\\/04\\\/Ambu-Innovation-GmbH-Regionale-Identitaet-3.jpg\",\"id\":\"1227\",\"size\":\"\",\"alt\":\"\",\"source\":\"library\"}' alt=\"Ambu Innovation GmbH\" role=\"img\" aria-label=\"Ambu Innovation GmbH\" data-copyright=\"\u00a9 A\u00b3 \/ Photographer: Christian Strohmayr\" width=\"150\" height=\"100\">\n\n                    \n                <\/div>\n                <div class=\"media-teaser-content\">\n                    <div class=\"container\">\n                        <div class=\"row\">\n                            <div class=\"media-teaser-content-box col-12 col-lg-5 offset-lg-7 col-xl-4 offset-xl-8\" title=\"\">\n                                                                                                                                    <div class=\"media-teaser-content-box-wrapper\" style=\"\">\n                                        <h1 class=\"h1  mb-4\">\n        <span class=\"h4\">Work, Settle in, Get started<\/span>\n        <span style=\"display:none\">\u2013<\/span>\n        Aux connects talent worldwide\n    <\/h1>\n\n                                    <div class=\"media-teaser-content-box-text\">\n                                        <p>You are an essential part of Aux\u2019s innovative spirit, no matter where you come from. A thriving economy, open networks and a warm community make it easy to settle in. Here you\u2019ll find career opportunities, a high quality of life and an environment where you don\u2019t just work, but truly feel at home. Welcome to your new future!<\/p>                                    <\/div>\n                                                                    <\/div>\n                            <\/div>\n                        <\/div>\n                    <\/div>\n                <\/div>\n            <\/div>\n            <\/div>\n<\/div>\n\n<!-- Widget End -->\n\n\t\t\t\t<\/div>\n\t\t\t\t<\/div>\n\t\t\t\t\t<\/div>\n\t\t\t\t<\/div>\n\t\t<div class=\"elementor-element elementor-element-71a2cf3 e-flex e-con-boxed e-con e-parent\" data-id=\"71a2cf3\" data-element_type=\"container\" data-e-type=\"container\">\n\t\t\t\t\t<div class=\"e-con-inner\">\n\t\t\t\t<div class=\"elementor-element elementor-element-010d787 elementor-widget elementor-widget-a3-button-media\" data-id=\"010d787\" data-element_type=\"widget\" data-e-type=\"widget\" data-widget_type=\"a3-button-media.default\">\n\t\t\t\t<div class=\"elementor-widget-container\">\n\t\t\t\t\t\n\n<!-- Widget Start -->\n\n<div class=\"widget widget-at-teal\">\n\t<div class=\"widget-content\">\n\n\t<div class=\"container  mb-4\">\n    <h2 class=\"h1  mb-4\">\n        \n    <\/h2>\n<\/div>\n\n\t\t<div class=\"container\">\n\t\t\n\t\t\t\t\t\t\t\t<div class=\"row \"><!-- start row -->\n\t\t\t\n\t\t\t\t\t\t\t\t\t\t<div class=\"media-text-wrapper\n\t\t\t\t\t\t col-12 col-lg-6\t\t\t\t\t\t\"\n\t\t\t\t\t\t\t data-xxx=\"button-text-2\" data-amount=\"2\"><!-- start col -->\n\t\t\t\t\n\t\t\t\t\t\t\t\t\t\t\t\t\t\t\t\t\t\t\t\t<div class=\"media-button bg-at-teal media-button-effect\">\n\n\t\t\t\t\t\t\t\t\t\t\t\t\t\t\t\t\t<div class=\"aux-triangles\">\n\t\t\t\t\t\t\t\t\t\t<div class=\"media-button-triangles\" style=\"background-image: url(\/wp-content\/uploads\/bildelement.png);\"><\/div>\n\t\t\t\t\t\t\t\t\t<\/div>\n\t\t\t\t\t\t\t\t\n\t\t\t\t\t\t\t\t<div class=\"media-button-content\">\n\n\t\t\t\t\t\t\t\t\t    <h3 class=\"h2  mb-4\">\n        New Skilled Workers Immigration Act\n    <\/h3>\n\n\t\t\t\t\t\t\t\t\t\t\t\t\t\t\t\t\t\t\t<div class=\"media-button-text\">\n\t\t\t\t\t\t\t\t\t\t\t<p>The new Skilled Workers Immigration Act is designed to make it easier for foreign skilled workers with vocational training or practical work experience to come to Germany. The Act further develops the skilled workers immigration framework and removes existing barriers. It consists of several parts and came into force in stages between November 2023 and June 2024.<\/p>\t\t\t\t\t\t\t\t\t\t<\/div>\n\t\t\t\t\t\t\t\t\t\n\t\t\t\t\t\t\t\t\t\t\t\t\t\t\t\t\t\t\t<a href=\"https:\/\/www.region-a3.com\/arbeitgeber\/recruiting\/internationale_fachkraefte_willkommen\/\" type=\"button\"\n\t\t\t\t\t\t\t\t\t\t   class=\"btn btn-outline-primary-negative mt-3\"\n\t\t\t\t\t\t\t\t\t\t   title=\"Contacts and organisations in the region (in German)\"\n\t\t\t\t\t\t\t\t\t\t   target=\"_blank\">\n\t\t\t\t\t\t\t\t\t\t\t<span>Contacts and organisations in the region (in German)<\/span>\n\t\t\t\t\t\t\t\t\t\t<\/a>\n\t\t\t\t\t\t\t\t\t\t\t\t\t\t\t\t\t<\/div>\n\t\t\t\t\t\t\t<\/div>\n\t\t\t\t\t\t\n\t\t\t\t\t\t<\/div><!-- end col -->\n\n\t\t\t\t\n\t\t\n\t\t\t\n\t\t\t\t\t\t\t\t\t\t<div class=\"media-text-wrapper\n\t\t\t\t\t\t col-12 col-lg-6\t\t\t\t\t\t\"\n\t\t\t\t\t\t\t data-xxx=\"button-text-2\" data-amount=\"2\"><!-- start col -->\n\t\t\t\t\n\t\t\t\t\t\t\t\t\t\t\t\t\t<div class=\"media-text-textbox\">\n\n\t\t\t\t\t\t\t\t    <h3 class=\"h2  mb-4\">\n        \n    <\/h3>\n\n\t\t\t\t\t\t\t\t<div>\n\t\t\t\t\t\t\t\t\t<p><strong>The new Skilled Workers Immigration Act allows immigration on three different grounds:<\/strong><\/p><ul><li><strong>Qualifications:<\/strong> Anyone with a qualification will in future be able to take up any skilled occupation.<\/li><li><strong>Experience:<\/strong> Anyone with at least two years\u2019 professional experience and a vocational qualification recognised by the state in their country of origin may immigrate as a worker. In future, the vocational qualification will no longer need to be recognised in Germany \u2013 this means less bureaucracy and shorter procedures.<\/li><li><strong>Potential:<\/strong> Another new feature is the so-called \u2018opportunity card\u2019 for job seekers, which is based on a points system. The selection criteria include qualifications, knowledge of German and English, professional experience, links to Germany, age and accompanying partners or spouses.<\/li><\/ul><p>More detailed and comprehensive information on the various schemes is available on the <a href=\"https:\/\/www.bundesregierung.de\/breg-de\/themen\/arbeit-und-soziales\/fachkraefteeinwanderungsgesetz-2182168\" target=\"_blank\" rel=\"noopener\">German government\u2019s website<\/a> <em>(in German)<\/em> and the <a href=\"https:\/\/www.make-it-in-germany.com\/en\/looking-for-foreign-professionals\" target=\"_blank\" rel=\"noopener\">Make-it-in-Germany portal<\/a>.<\/p><p>An <a href=\"https:\/\/www.region-a3.com\/wp-content\/uploads\/2024\/05\/Uebersicht_Zugangswege_AgenturfuerArbeit.pdf\" target=\"_blank\" rel=\"noopener\">overview provided by the Federal Employment Agency<\/a> <em>(in German)<\/em> lists the different routes of access, along with the relevant eligibility criteria and legal basis.<\/p>\t\t\t\t\t\t\t\t<\/div>\n\t\t\t\t\t\t\t\t\t\t\t\t\t\t\t<\/div>\n\t\t\t\t\t\t\n\t\t\t\t\t\t<\/div><!-- end col -->\n\n\t\t\t\t\t\t\t\t\t<\/div><!-- end row -->\n\t\t\t\t\n\t\t\t\t<\/div>\n\t\t\t<\/div>\n<\/div>\n\t\n\n<!-- Widget End -->\n\n\t\t\t\t<\/div>\n\t\t\t\t<\/div>\n\t\t\t\t\t<\/div>\n\t\t\t\t<\/div>\n\t\t<div class=\"elementor-element elementor-element-2845e8f e-flex e-con-boxed e-con e-parent\" data-id=\"2845e8f\" data-element_type=\"container\" data-e-type=\"container\">\n\t\t\t\t\t<div class=\"e-con-inner\">\n\t\t\t\t<div class=\"elementor-element elementor-element-55053e5 elementor-widget elementor-widget-a3-text-media\" data-id=\"55053e5\" data-element_type=\"widget\" data-e-type=\"widget\" data-widget_type=\"a3-text-media.default\">\n\t\t\t\t<div class=\"elementor-widget-container\">\n\t\t\t\t\t\n\n<!-- Widget Start -->\n\n    <div class=\"widget widget-at-blue\">\n        <div class=\"widget-content\">\n            <div class=\"container  mb-4\">\n    <h2 class=\"h1  mb-4\">\n        <span class=\"h4\">Practical example: Foreign trainees<\/span>\n        \n    <\/h2>\n<\/div>\n            <div class=\"container\">\n                                                                                        <div class=\"widget-at-blue\">\n                                <div class=\"slider\" slider-xs=\"1\" slider-sm=\"1\" slider-lg=\"1\" slider-max=\"1\" slider-count=\"1\">\n                        \n                                <div class=\"media-col-6\">\n                                    <div class=\"row align-items-start \">\n                                        <div class=\"col-12 col-lg-6 order-lg-1\">                                        <div class=\"media-col-6-image\" data-debug='{\"url\":\"https:\\\/\\\/www.auxtalents.de\\\/wp-content\\\/uploads\\\/sites\\\/10\\\/2025\\\/05\\\/azubis-bei-compassio.webp\",\"id\":\"3247\",\"size\":\"\",\"alt\":\"\",\"source\":\"library\"}' alt=\"Trainees at Compassio\" role=\"img\" aria-label=\"Trainees at Compassio\" data-copyright=\"\u00a9 Compassio\" width=\"150\" height=\"100\"><img decoding=\"async\" src=\"https:\/\/www.auxtalents.de\/wp-content\/uploads\/sites\/10\/2025\/05\/azubis-bei-compassio.webp\" data-debug='{\"url\":\"https:\\\/\\\/www.auxtalents.de\\\/wp-content\\\/uploads\\\/sites\\\/10\\\/2025\\\/05\\\/azubis-bei-compassio.webp\",\"id\":\"3247\",\"size\":\"\",\"alt\":\"\",\"source\":\"library\"}' alt=\"Trainees at Compassio\" role=\"img\" aria-label=\"Trainees at Compassio\" data-copyright=\"\u00a9 Compassio\" width=\"150\" height=\"100\">                                            \n                                                    <\/div>\n                                                <\/div>\n\n                                                <div class=\"col-12 col-lg-6 order-lg-0\">                                                <div class=\"media-col-6-content text-left\">\n                                                        <h3 class=\"h2  mb-4\">\n        Foreign trainees in the care sector\n    <\/h3>\n                                                    <div class=\"show-m\">\n                                                        <p><em>Foreign skilled workers can present an opportunity for companies in the healthcare sector. Young people in particular who come to Germany for training can complete their qualifications here and then enter the profession straight away. However, recruitment and training must be well prepared. Ulrike Werlitz from the Haus Gabriel retirement home has already gained a great deal of experience in training foreign care workers.<\/em><\/p><p><strong>Getting to know each other<\/strong><\/p><p>The first online interviews begin several months before the training starts and allow both sides to get to know each other in detail. This helps determine whether the applicant is a good fit for the training organisation. If candidates demonstrate commitment and patience throughout this entire process, this has a positive impact on their chances of securing a position at the Haus Gabriel retirement home. Following the interviews, the necessary documents \u2013 such as a CV, a copy of their passport and a cover letter \u2013 are sent to the training centre.<\/p>                                                    <\/div>\n                                                    <div class=\"hide-m\">\n                                                        <p><em>Foreign skilled workers can present an opportunity for companies in the healthcare sector. Young people in particular who come to Germany for training can complete their qualifications here and then enter the profession straight away. However, recruitment and training must be well prepared. Ulrike Werlitz from the Haus Gabriel retirement home has already gained a great deal of experience in training foreign care workers.<\/em><\/p><p><strong>Getting to know each other<\/strong><\/p><p>The first online interviews begin several months before the training starts and allow both sides to get to know each other in detail. This helps determine whether the applicant is a good fit for the training organisation. If candidates demonstrate commitment and patience throughout this entire process, this has a positive impact on their chances of securing a position at the Haus Gabriel retirement home. Following the interviews, the necessary documents \u2013 such as a CV, a copy of their passport and a cover letter \u2013 are sent to the training centre.<\/p>                                                    <\/div>\n                                                                                                    <\/div>\n                                    <\/div>\n                                <\/div>\n                                <\/div>\n\n                                                            <\/div>\n            <\/div>\n                                                    \n                    \n                    \n                    \n                    \n                    \n\n                    \n                                        <\/div>\n        <\/div>\n    <\/div>\n    \n\n<!-- Widget End -->\n\n\t\t\t\t<\/div>\n\t\t\t\t<\/div>\n\t\t\t\t\t<\/div>\n\t\t\t\t<\/div>\n\t\t<div class=\"elementor-element elementor-element-f494abf e-flex e-con-boxed e-con e-parent\" data-id=\"f494abf\" data-element_type=\"container\" data-e-type=\"container\">\n\t\t\t\t\t<div class=\"e-con-inner\">\n\t\t\t\t<div class=\"elementor-element elementor-element-458d8b4 elementor-widget elementor-widget-a3-button-media\" data-id=\"458d8b4\" data-element_type=\"widget\" data-e-type=\"widget\" data-widget_type=\"a3-button-media.default\">\n\t\t\t\t<div class=\"elementor-widget-container\">\n\t\t\t\t\t\n\n<!-- Widget Start -->\n\n<div class=\"widget widget-at-blue\">\n\t<div class=\"widget-content\">\n\n\t<div class=\"container  mb-4\">\n    <h2 class=\"h1  mb-4\">\n        \n    <\/h2>\n<\/div>\n\n\t\t<div class=\"container\">\n\t\t\n\t\t\t\t\t\t\t\t\t\t\t\t\t<div class=\"slider\" slider-xs=\"1\" slider-sm=\"2\" slider-lg=\"2\" slider-xl=\"2\" slider-count=\"2\"><!-- start row -->\n\t\t\t\n\t\t\t\t\t\t\t\t\t\t<div class=\"media-text-wrapper\n\t\t\t\t\t\t col-12\t\t\t\t\t\t\"\n\t\t\t\t\t\t\t data-xxx=\"\" data-amount=\"2\"><!-- start col -->\n\t\t\t\t\n\t\t\t\t\t\t\t\t\t\t\t\t\t\t\t\t\t\t\t\t<div class=\"media-button bg-at-blue \">\n\n\t\t\t\t\t\t\t\t\t\t\t\t\t\t\t\t\t<div class=\"aux-triangles\">\n\t\t\t\t\t\t\t\t\t\t<div class=\"media-button-triangles\" style=\"background-image: url(\/wp-content\/uploads\/bildelement.png);\"><\/div>\n\t\t\t\t\t\t\t\t\t<\/div>\n\t\t\t\t\t\t\t\t\n\t\t\t\t\t\t\t\t<div class=\"media-button-content\">\n\n\t\t\t\t\t\t\t\t\t    <h3 class=\"h2  mb-4\">\n        \n    <\/h3>\n\n\t\t\t\t\t\t\t\t\t\t\t\t\t\t\t\t\t\t\t<div class=\"media-button-text\">\n\t\t\t\t\t\t\t\t\t\t\t<h3><strong>Language course and vocational training<\/strong><\/h3><p>To prepare for their vocational training in Germany, the young people arrive a few weeks before the training begins, if possible. They then undertake a language course, which can be applied for alongside the preliminary assessment. In addition to these 20 hours of lessons per week, the future trainees already work part-time at Haus Gabriel and can stay in the staff accommodation free of charge. \u201cIt\u2019s a win-win situation for both sides,\u201d says Ulrike Werlitz, \u201cthey can continue learning the language and get to know the facility and the day-to-day routine of care work even before their training begins. What\u2019s more, their earnings provide them with a little pocket money.\u201d<\/p>\t\t\t\t\t\t\t\t\t\t<\/div>\n\t\t\t\t\t\t\t\t\t\n\t\t\t\t\t\t\t\t\t\t\t\t\t\t\t\t\t<\/div>\n\t\t\t\t\t\t\t<\/div>\n\t\t\t\t\t\t\n\t\t\t\t\t\t<\/div><!-- end col -->\n\n\t\t\t\t\n\t\t\n\t\t\t\n\t\t\t\t\t\t\t\t\t\t<div class=\"media-text-wrapper\n\t\t\t\t\t\t col-12\t\t\t\t\t\t\"\n\t\t\t\t\t\t\t data-xxx=\"\" data-amount=\"2\"><!-- start col -->\n\t\t\t\t\n\t\t\t\t\t\t\t\t\t\t\t\t\t\t\t\t\t\t\t\t<div class=\"media-button bg-at-blue \">\n\n\t\t\t\t\t\t\t\t\t\t\t\t\t\t\t\t\t<div class=\"aux-triangles\">\n\t\t\t\t\t\t\t\t\t\t<div class=\"media-button-triangles\" style=\"background-image: url(\/wp-content\/uploads\/bildelement.png);\"><\/div>\n\t\t\t\t\t\t\t\t\t<\/div>\n\t\t\t\t\t\t\t\t\n\t\t\t\t\t\t\t\t<div class=\"media-button-content\">\n\n\t\t\t\t\t\t\t\t\t    <h3 class=\"h2  mb-4\">\n        \n    <\/h3>\n\n\t\t\t\t\t\t\t\t\t\t\t\t\t\t\t\t\t\t\t<div class=\"media-button-text\">\n\t\t\t\t\t\t\t\t\t\t\t<h3><strong>Support and personal contribution<\/strong><\/h3><p>Trainees at the Haus Gabriel retirement home must complete a few steps on their own beforehand. These include having their qualifications recognised and arranging a place at a language school. The costs of certifying and translating their qualifications, as well as the cost of the flight, are borne by the trainees themselves. This is where the trainee\u2019s commitment and determination really shine through, says Ulrike Werlitz. The Seniorendomizil Haus Gabriel then takes care of the rest, namely the costs of accommodation prior to the training and the language course. Colleagues then help the newly arrived trainees to find their feet in everyday life in Germany, make contacts, deal with administrative procedures and act as points of contact should any problems arise. Werlitz advises other training organisations to persevere with patience and commitment in order to successfully achieve their goals.<\/p>\t\t\t\t\t\t\t\t\t\t<\/div>\n\t\t\t\t\t\t\t\t\t\n\t\t\t\t\t\t\t\t\t\t\t\t\t\t\t\t\t<\/div>\n\t\t\t\t\t\t\t<\/div>\n\t\t\t\t\t\t\n\t\t\t\t\t\t<\/div><!-- end col -->\n\n\t\t\t\t\t\t\t\t\t<\/div><!-- end row -->\n\t\t\t\t\n\t\t\t\t<\/div>\n\t\t\t<\/div>\n<\/div>\n\t\n\n<!-- Widget End -->\n\n\t\t\t\t<\/div>\n\t\t\t\t<\/div>\n\t\t\t\t\t<\/div>\n\t\t\t\t<\/div>\n\t\t<div class=\"elementor-element elementor-element-e531120 e-flex e-con-boxed e-con e-parent\" data-id=\"e531120\" data-element_type=\"container\" data-e-type=\"container\">\n\t\t\t\t\t<div class=\"e-con-inner\">\n\t\t\t\t<div class=\"elementor-element elementor-element-af9b874 elementor-widget elementor-widget-a3-quote\" data-id=\"af9b874\" data-element_type=\"widget\" data-e-type=\"widget\" data-widget_type=\"a3-quote.default\">\n\t\t\t\t<div class=\"elementor-widget-container\">\n\t\t\t\t\t\n\n<!-- Widget Start -->\n\n<div class=\"widget widget-at-gold\">\n    <div class=\"widget-content\">\n        \n                <div class=\"media media-bg-cover media-has-box-image media-quote media-bg-cover-bl \"\n             style=\"background-image: url('https:\/\/www.auxtalents.de\/wp-content\/uploads\/sites\/10\/2025\/05\/grandhotel-cosmopolis_performance-c-astarte_posch.jpg')\" title=\"Array\"\n             data-copyright=\"Array \u00a9  Astarte Posch\" role=\"img\" aria-label=\"Das Grandhotel Cosmopolis ist ein Ort der Begegnung f\u00fcr Gefl\u00fcchtete, Reisende und K\u00fcnstler.\">\n            <div class=\"media-quote-background\" style=\"background-image:url('https:\/\/www.auxtalents.de\/wp-content\/uploads\/sites\/10\/2025\/05\/grandhotel-cosmopolis_performance-c-astarte_posch.jpg')\"><\/div>\n            <div class=\"container\">\n                <div class=\"row justify-content-end\">\n                    <div class=\"media-bl col-12 col-xl-6\">\n                                                    <div class=\"media-box media-box-icon bg-at-gold\">\n                                                                                                    <div class=\"aux-triangles mb-4\">\n                                        <div class=\"media-button-triangles-quote\" style=\"background-image: url(\/wp-content\/uploads\/bildelement.png);\"><\/div>\n                                    <\/div>\n                                                                                                    <span class=\"h4\">Success story: Peaceful coexistence<\/span>\n                                                                                                    <h3 class=\"h2\">Grandhotel Cosmopolis \u2013 Where refugees and travellers live next door to one another<\/h3>\n                                                                <p>Old clocks hang in the lobby. Each one looks different; none of them tick in the same way. City names are written beneath them \u2013 Lampedusa, Manila, Port-au-Prince, Gaza. When you visit the Grandhotel Cosmopolis in Augsburg\u2019s quiet cathedral quarter, you quickly realise: this is an extraordinary place. For it combines accommodation for asylum seekers with artists\u2019 studios and hotel rooms.<\/p>                                                            <\/div>\n                        \n                                            <\/div>\n                                    <\/div>\n            <\/div>\n        <\/div>\n            <\/div>\n<\/div>\n\n\n<!-- Widget End -->\n\n\t\t\t\t<\/div>\n\t\t\t\t<\/div>\n\t\t\t\t\t<\/div>\n\t\t\t\t<\/div>\n\t\t<div class=\"elementor-element elementor-element-06e0099 e-flex e-con-boxed e-con e-parent\" data-id=\"06e0099\" data-element_type=\"container\" data-e-type=\"container\">\n\t\t\t\t\t<div class=\"e-con-inner\">\n\t\t\t\t<div class=\"elementor-element elementor-element-71331d2 elementor-widget elementor-widget-a3-button-media\" data-id=\"71331d2\" data-element_type=\"widget\" data-e-type=\"widget\" data-widget_type=\"a3-button-media.default\">\n\t\t\t\t<div class=\"elementor-widget-container\">\n\t\t\t\t\t\n\n<!-- Widget Start -->\n\n<div class=\"widget widget-at-rainbow\">\n\t<div class=\"widget-content\">\n\n\t<div class=\"container  mb-4\">\n    <h2 class=\"h1  mb-4\">\n        \n    <\/h2>\n<\/div>\n\n\t\t<div class=\"container\">\n\t\t\n\t\t\t\t\t\t\t\t<div class=\"row \"><!-- start row -->\n\t\t\t\n\t\t\t\t\t\t\t\t\t\t<div class=\"media-text-wrapper\n\t\t\t\t\t\t col-12 col-lg-6\t\t\t\t\t\t\"\n\t\t\t\t\t\t\t data-xxx=\"button-text-2\" data-amount=\"2\"><!-- start col -->\n\t\t\t\t\n\t\t\t\t\t\t\t\t\t\t\t\t\t\t\t\t\t\t\t\t<div class=\"media-button bg-at-rainbow \">\n\n\t\t\t\t\t\t\t\t\t\t\t\t\t\t\t\t\t<div class=\"aux-triangles\">\n\t\t\t\t\t\t\t\t\t\t<div class=\"media-button-triangles\" style=\"background-image: url(\/wp-content\/uploads\/bildelement.png);\"><\/div>\n\t\t\t\t\t\t\t\t\t<\/div>\n\t\t\t\t\t\t\t\t\n\t\t\t\t\t\t\t\t<div class=\"media-button-content\">\n\n\t\t\t\t\t\t\t\t\t    <h3 class=\"h2  mb-4\">\n        \n    <\/h3>\n\n\t\t\t\t\t\t\t\t\t\t\t\t\t\t\t\t\t\t\t<div class=\"media-button-text\">\n\t\t\t\t\t\t\t\t\t\t\t<h3><strong>Once a care home, now a grand hotel<\/strong><\/h3><p>In 2011, three artists were looking for new spaces. They came across the former Diakonie care home on Springerg\u00e4sschen, which had stood empty for several years. At the same time, the Swabian regional government wanted to convert the building into accommodation for asylum seekers. This inspired the artists and their idea was born: to bring all these interests together under one roof. The bureaucratic processes dragged on for two years. Around 500 people contributed a total of over 100,000 hours of unpaid labour to the refurbishment. In July 2013, the first asylum-seeking residents moved in. A few months later, the hotel began operating for travellers.<\/p><p>Today, the Diakonie rents out the six-storey building to two parties: to the Government of Swabia, which runs the \u201cSpringerg\u00e4sschen 5 shared accommodation\u201d, and to the non-profit association \u201cGrandhotel Cosmopolis e.V.\u201d, which rents the rest of the building. The project is financially supported by revenue from hotel and catering operations, donations, contributions in kind and, in part, grants and funding.<\/p>\t\t\t\t\t\t\t\t\t\t<\/div>\n\t\t\t\t\t\t\t\t\t\n\t\t\t\t\t\t\t\t\t\t\t\t\t\t\t\t\t<\/div>\n\t\t\t\t\t\t\t<\/div>\n\t\t\t\t\t\t\n\t\t\t\t\t\t<\/div><!-- end col -->\n\n\t\t\t\t\n\t\t\n\t\t\t\n\t\t\t\t\t\t\t\t\t\t<div class=\"media-text-wrapper\n\t\t\t\t\t\t col-12 col-lg-6\t\t\t\t\t\t\"\n\t\t\t\t\t\t\t data-xxx=\"button-text-2\" data-amount=\"2\"><!-- start col -->\n\t\t\t\t\n\t\t\t\t\t\t\t\t\t\t\t\t\t<div class=\"media-text-textbox\">\n\n\t\t\t\t\t\t\t\t    <h3 class=\"h2  mb-4\">\n        \n    <\/h3>\n\n\t\t\t\t\t\t\t\t<div>\n\t\t\t\t\t\t\t\t\t<h3><strong>Hotel guests \u201cwith and without asylum\u201d \u2013 A shared space<\/strong><\/h3><p>Many describe what is happening at the Grandhotel Cosmopolis as a \u2018social sculpture\u2019, or even a total work of art on a societal scale. For it can only continue to exist through participation. Without a doubt \u2013 the concept is unique in Germany, just like the diversity of the people taking part: 60 hotel guests \u2018seeking asylum\u2019 find a temporary home at the Grandhotel. Among them are families, unaccompanied minors, women and men of various backgrounds. During their stay, they help out with hotel operations as best they can, for example in the kitchen.<\/p><p>Individually designed hotel rooms offer accommodation to guests \u2018without asylum\u2019. They come to Augsburg as travellers, businesspeople or students. They too can lend a hand at any time. Last but not least, there are artists and cultural practitioners who work on their own projects in the studios and enrich the hotel\u2019s daily routine with creative ideas. Jobs such as room cleaning, teaching German or serving coffee are carried out by volunteers. They support the refugees with applications or visits to the authorities; they fight for the future of individual residents who are facing deportation. For residents of the surrounding neighbourhood, the Grandhotel is also a meeting place.<\/p>\t\t\t\t\t\t\t\t<\/div>\n\t\t\t\t\t\t\t\t\t\t\t\t\t\t\t<\/div>\n\t\t\t\t\t\t\n\t\t\t\t\t\t<\/div><!-- end col -->\n\n\t\t\t\t\t\t\t\t\t<\/div><!-- end row -->\n\t\t\t\t\n\t\t\t\t<\/div>\n\t\t\t<\/div>\n<\/div>\n\t\n\n<!-- Widget End -->\n\n\t\t\t\t<\/div>\n\t\t\t\t<\/div>\n\t\t\t\t\t<\/div>\n\t\t\t\t<\/div>\n\t\t<div class=\"elementor-element elementor-element-47709ca e-flex e-con-boxed e-con e-parent\" data-id=\"47709ca\" data-element_type=\"container\" data-e-type=\"container\">\n\t\t\t\t\t<div class=\"e-con-inner\">\n\t\t\t\t<div class=\"elementor-element elementor-element-c2439f6 elementor-widget elementor-widget-a3-text-media\" data-id=\"c2439f6\" data-element_type=\"widget\" data-e-type=\"widget\" data-widget_type=\"a3-text-media.default\">\n\t\t\t\t<div class=\"elementor-widget-container\">\n\t\t\t\t\t\n\n<!-- Widget Start -->\n\n    <div class=\"widget widget-at-gold\">\n        <div class=\"widget-content\">\n            <div class=\"container  mb-4\">\n    <h2 class=\"h1  mb-4\">\n        \n    <\/h2>\n<\/div>\n            <div class=\"container\">\n                                                                                        <div class=\"widget-at-gold\">\n                                <div class=\"slider\" slider-xs=\"1\" slider-sm=\"1\" slider-lg=\"1\" slider-max=\"1\" slider-count=\"1\">\n                        \n                                <div class=\"media-col-6\">\n                                    <div class=\"row align-items-start \">\n                                        <div class=\"col-12 col-lg-6 order-lg-1\">                                        <div class=\"media-col-6-image\" data-debug='{\"url\":\"https:\\\/\\\/www.auxtalents.de\\\/wp-content\\\/uploads\\\/sites\\\/10\\\/2025\\\/05\\\/grandhotel-cosmopolis_performance_-aussenansicht-c-wolfgang_reiserer.jpg\",\"id\":\"3251\",\"size\":\"\",\"alt\":\"Das Grandhotel ist heute ein fester Bestandteil des st\\u00e4dtischen Kulturlebens.\",\"source\":\"library\"}' alt=\"The Grandhotel is now an integral part of the city\u2019s cultural life.\" role=\"img\" aria-label=\"Das Grandhotel ist heute ein fester Bestandteil des st\u00e4dtischen Kulturlebens.\" data-copyright=\"\u00a9 Wolfgang Reiserer\" width=\"150\" height=\"100\"><img decoding=\"async\" src=\"https:\/\/www.auxtalents.de\/wp-content\/uploads\/sites\/10\/2025\/05\/grandhotel-cosmopolis_performance_-aussenansicht-c-wolfgang_reiserer.jpg\" data-debug='{\"url\":\"https:\\\/\\\/www.auxtalents.de\\\/wp-content\\\/uploads\\\/sites\\\/10\\\/2025\\\/05\\\/grandhotel-cosmopolis_performance_-aussenansicht-c-wolfgang_reiserer.jpg\",\"id\":\"3251\",\"size\":\"\",\"alt\":\"Das Grandhotel ist heute ein fester Bestandteil des st\\u00e4dtischen Kulturlebens.\",\"source\":\"library\"}' alt=\"The Grandhotel is now an integral part of the city\u2019s cultural life.\" role=\"img\" aria-label=\"Das Grandhotel ist heute ein fester Bestandteil des st\u00e4dtischen Kulturlebens.\" data-copyright=\"\u00a9 Wolfgang Reiserer\" width=\"150\" height=\"100\">                                            \n                                                    <\/div>\n                                                <\/div>\n\n                                                <div class=\"col-12 col-lg-6 order-lg-0\">                                                <div class=\"media-col-6-content text-left\">\n                                                        <h3 class=\"h2  mb-4\">\n        Art as a unifying force\n    <\/h3>\n                                                    <div class=\"show-m\">\n                                                        <p>Art has often proved to be one of the hotel\u2019s strengths. Since 2012, the Grandhotel has taken part in <a href=\"https:\/\/www.region-a3.com\/story\/friedensstadt-augsburg-das-hohe-friedensfest\/\" target=\"_blank\" rel=\"noopener\">Augsburg\u2019s Peace Festival<\/a> <em>(in German)<\/em> every year. The team collaborates with the Augsburg City Theatre, organising concerts, exhibitions and workshops such as the \u2018intercultural storytelling workshop\u2019, where participants create their own works. Another major project was the \u201cGrandhotel Cosmopolis Peace Conference\u201d in 2015. In short: the Grandhotel is now an integral part of the city\u2019s cultural life.<\/p>                                                    <\/div>\n                                                    <div class=\"hide-m\">\n                                                        <p>Art has often proved to be one of the hotel\u2019s strengths. Since 2012, the Grandhotel has taken part in <a href=\"https:\/\/www.region-a3.com\/story\/friedensstadt-augsburg-das-hohe-friedensfest\/\" target=\"_blank\" rel=\"noopener\">Augsburg\u2019s Peace Festival<\/a> <em>(in German)<\/em> every year. The team collaborates with the Augsburg City Theatre, organising concerts, exhibitions and workshops such as the \u2018intercultural storytelling workshop\u2019, where participants create their own works. Another major project was the \u201cGrandhotel Cosmopolis Peace Conference\u201d in 2015. In short: the Grandhotel is now an integral part of the city\u2019s cultural life.<\/p>                                                    <\/div>\n                                                                                                            <a href=\"https:\/\/grandhotel-cosmopolis.org\/\" type=\"button\" class=\"btn btn-outline-primary mt-3\" title=\"The Grandhotel's website (in German)\" target=\"_blank\">\n                                                            <span>The Grandhotel's website (in German)<\/span>\n                                                        <\/a>\n                                                                                                    <\/div>\n                                    <\/div>\n                                <\/div>\n                                <\/div>\n\n                                                            <\/div>\n            <\/div>\n                                                    \n                    \n                    \n                    \n                    \n                    \n\n                    \n                                        <\/div>\n        <\/div>\n    <\/div>\n    \n\n<!-- Widget End -->\n\n\t\t\t\t<\/div>\n\t\t\t\t<\/div>\n\t\t\t\t\t<\/div>\n\t\t\t\t<\/div>\n\t\t<div class=\"elementor-element elementor-element-0218985 e-flex e-con-boxed e-con e-parent\" data-id=\"0218985\" data-element_type=\"container\" data-e-type=\"container\">\n\t\t\t\t\t<div class=\"e-con-inner\">\n\t\t\t\t<div class=\"elementor-element elementor-element-61535e5 elementor-widget elementor-widget-a3-text-media\" data-id=\"61535e5\" data-element_type=\"widget\" data-e-type=\"widget\" data-widget_type=\"a3-text-media.default\">\n\t\t\t\t<div class=\"elementor-widget-container\">\n\t\t\t\t\t\n\n<!-- Widget Start -->\n\n\n\n<!-- Widget End -->\n\n\t\t\t\t<\/div>\n\t\t\t\t<\/div>\n\t\t\t\t\t<\/div>\n\t\t\t\t<\/div>\n\t\t\t\t<\/div>\n\t\t","protected":false},"excerpt":{"rendered":"<p>Work, Settle in, Get started \u2013 Aux connects talent worldwide You are an essential part of Aux\u2019s innovative spirit, no matter where you come from. A thriving economy, open networks and a warm community make it easy to settle in. Here you\u2019ll find career opportunities, a high quality of life and an environment where you [&hellip;]<\/p>\n","protected":false},"author":108,"featured_media":0,"parent":6626,"menu_order":0,"comment_status":"closed","ping_status":"closed","template":"","meta":{"_acf_changed":false,"footnotes":""},"categories":[64,37],"tags":[],"class_list":["post-6605","page","type-page","status-publish","hentry","category-education","category-international"],"acf":[],"yoast_head":"<!-- This site is optimized with the Yoast SEO plugin v27.5 - https:\/\/yoast.com\/product\/yoast-seo-wordpress\/ -->\n<title>International talents - aux.talents<\/title>\n<meta name=\"description\" content=\"In Aux, you\u2019ll find career opportunities, a high quality of life and an environment where you don\u2019t just work, but really feel at home.\" \/>\n<meta name=\"robots\" content=\"index, follow, max-snippet:-1, max-image-preview:large, max-video-preview:-1\" \/>\n<link rel=\"canonical\" href=\"https:\/\/www.auxtalents.de\/en\/education\/international-talents\/\" \/>\n<meta property=\"og:locale\" content=\"en_US\" \/>\n<meta property=\"og:type\" content=\"article\" \/>\n<meta property=\"og:title\" content=\"International talents - aux.talents\" \/>\n<meta property=\"og:description\" content=\"In Aux, you\u2019ll find career opportunities, a high quality of life and an environment where you don\u2019t just work, but really feel at home.\" \/>\n<meta property=\"og:url\" content=\"https:\/\/www.auxtalents.de\/en\/education\/international-talents\/\" \/>\n<meta property=\"og:site_name\" content=\"aux.talents\" \/>\n<meta property=\"article:modified_time\" content=\"2026-04-27T13:25:41+00:00\" \/>\n<meta property=\"og:image\" content=\"https:\/\/www.auxtalents.de\/wp-content\/uploads\/sites\/10\/2025\/05\/azubis-bei-compassio.webp\" \/>\n<meta name=\"twitter:card\" content=\"summary_large_image\" \/>\n<meta name=\"twitter:label1\" content=\"Est. reading time\" \/>\n\t<meta name=\"twitter:data1\" content=\"9 minutes\" \/>\n<script type=\"application\/ld+json\" class=\"yoast-schema-graph\">{\"@context\":\"https:\\\/\\\/schema.org\",\"@graph\":[{\"@type\":\"WebPage\",\"@id\":\"https:\\\/\\\/www.auxtalents.de\\\/en\\\/education\\\/international-talents\\\/\",\"url\":\"https:\\\/\\\/www.auxtalents.de\\\/en\\\/education\\\/international-talents\\\/\",\"name\":\"International talents - aux.talents\",\"isPartOf\":{\"@id\":\"https:\\\/\\\/www.auxtalents.de\\\/#website\"},\"primaryImageOfPage\":{\"@id\":\"https:\\\/\\\/www.auxtalents.de\\\/en\\\/education\\\/international-talents\\\/#primaryimage\"},\"image\":{\"@id\":\"https:\\\/\\\/www.auxtalents.de\\\/en\\\/education\\\/international-talents\\\/#primaryimage\"},\"thumbnailUrl\":\"https:\\\/\\\/www.auxtalents.de\\\/wp-content\\\/uploads\\\/sites\\\/10\\\/2025\\\/05\\\/azubis-bei-compassio.webp\",\"datePublished\":\"2025-04-15T12:14:18+00:00\",\"dateModified\":\"2026-04-27T13:25:41+00:00\",\"description\":\"In Aux, you\u2019ll find career opportunities, a high quality of life and an environment where you don\u2019t just work, but really feel at home.\",\"breadcrumb\":{\"@id\":\"https:\\\/\\\/www.auxtalents.de\\\/en\\\/education\\\/international-talents\\\/#breadcrumb\"},\"inLanguage\":\"en-US\",\"potentialAction\":[{\"@type\":\"ReadAction\",\"target\":[\"https:\\\/\\\/www.auxtalents.de\\\/en\\\/education\\\/international-talents\\\/\"]}]},{\"@type\":\"ImageObject\",\"inLanguage\":\"en-US\",\"@id\":\"https:\\\/\\\/www.auxtalents.de\\\/en\\\/education\\\/international-talents\\\/#primaryimage\",\"url\":\"https:\\\/\\\/www.auxtalents.de\\\/wp-content\\\/uploads\\\/sites\\\/10\\\/2025\\\/05\\\/azubis-bei-compassio.webp\",\"contentUrl\":\"https:\\\/\\\/www.auxtalents.de\\\/wp-content\\\/uploads\\\/sites\\\/10\\\/2025\\\/05\\\/azubis-bei-compassio.webp\"},{\"@type\":\"BreadcrumbList\",\"@id\":\"https:\\\/\\\/www.auxtalents.de\\\/en\\\/education\\\/international-talents\\\/#breadcrumb\",\"itemListElement\":[{\"@type\":\"ListItem\",\"position\":1,\"name\":\"Startseite\",\"item\":\"https:\\\/\\\/www.auxtalents.de\\\/en\\\/homepage\\\/\"},{\"@type\":\"ListItem\",\"position\":2,\"name\":\"Education\",\"item\":\"https:\\\/\\\/www.auxtalents.de\\\/en\\\/education\\\/\"},{\"@type\":\"ListItem\",\"position\":3,\"name\":\"International talents\"}]},{\"@type\":\"WebSite\",\"@id\":\"https:\\\/\\\/www.auxtalents.de\\\/#website\",\"url\":\"https:\\\/\\\/www.auxtalents.de\\\/\",\"name\":\"aux.talents\",\"description\":\"\",\"publisher\":{\"@id\":\"https:\\\/\\\/www.auxtalents.de\\\/#organization\"},\"potentialAction\":[{\"@type\":\"SearchAction\",\"target\":{\"@type\":\"EntryPoint\",\"urlTemplate\":\"https:\\\/\\\/www.auxtalents.de\\\/?s={search_term_string}\"},\"query-input\":{\"@type\":\"PropertyValueSpecification\",\"valueRequired\":true,\"valueName\":\"search_term_string\"}}],\"inLanguage\":\"en-US\"},{\"@type\":\"Organization\",\"@id\":\"https:\\\/\\\/www.auxtalents.de\\\/#organization\",\"name\":\"aux.talents\",\"url\":\"https:\\\/\\\/www.auxtalents.de\\\/\",\"logo\":{\"@type\":\"ImageObject\",\"inLanguage\":\"en-US\",\"@id\":\"https:\\\/\\\/www.auxtalents.de\\\/#\\\/schema\\\/logo\\\/image\\\/\",\"url\":\"https:\\\/\\\/www.auxtalents.de\\\/wp-content\\\/uploads\\\/sites\\\/10\\\/2025\\\/03\\\/auxtalents-logo.png\",\"contentUrl\":\"https:\\\/\\\/www.auxtalents.de\\\/wp-content\\\/uploads\\\/sites\\\/10\\\/2025\\\/03\\\/auxtalents-logo.png\",\"width\":338,\"height\":83,\"caption\":\"aux.talents\"},\"image\":{\"@id\":\"https:\\\/\\\/www.auxtalents.de\\\/#\\\/schema\\\/logo\\\/image\\\/\"}}]}<\/script>\n<!-- \/ Yoast SEO plugin. -->","yoast_head_json":{"title":"International talents - aux.talents","description":"In Aux, you\u2019ll find career opportunities, a high quality of life and an environment where you don\u2019t just work, but really feel at home.","robots":{"index":"index","follow":"follow","max-snippet":"max-snippet:-1","max-image-preview":"max-image-preview:large","max-video-preview":"max-video-preview:-1"},"canonical":"https:\/\/www.auxtalents.de\/en\/education\/international-talents\/","og_locale":"en_US","og_type":"article","og_title":"International talents - aux.talents","og_description":"In Aux, you\u2019ll find career opportunities, a high quality of life and an environment where you don\u2019t just work, but really feel at home.","og_url":"https:\/\/www.auxtalents.de\/en\/education\/international-talents\/","og_site_name":"aux.talents","article_modified_time":"2026-04-27T13:25:41+00:00","og_image":[{"url":"https:\/\/www.auxtalents.de\/wp-content\/uploads\/sites\/10\/2025\/05\/azubis-bei-compassio.webp","type":"","width":"","height":""}],"twitter_card":"summary_large_image","twitter_misc":{"Est. reading time":"9 minutes"},"schema":{"@context":"https:\/\/schema.org","@graph":[{"@type":"WebPage","@id":"https:\/\/www.auxtalents.de\/en\/education\/international-talents\/","url":"https:\/\/www.auxtalents.de\/en\/education\/international-talents\/","name":"International talents - aux.talents","isPartOf":{"@id":"https:\/\/www.auxtalents.de\/#website"},"primaryImageOfPage":{"@id":"https:\/\/www.auxtalents.de\/en\/education\/international-talents\/#primaryimage"},"image":{"@id":"https:\/\/www.auxtalents.de\/en\/education\/international-talents\/#primaryimage"},"thumbnailUrl":"https:\/\/www.auxtalents.de\/wp-content\/uploads\/sites\/10\/2025\/05\/azubis-bei-compassio.webp","datePublished":"2025-04-15T12:14:18+00:00","dateModified":"2026-04-27T13:25:41+00:00","description":"In Aux, you\u2019ll find career opportunities, a high quality of life and an environment where you don\u2019t just work, but really feel at home.","breadcrumb":{"@id":"https:\/\/www.auxtalents.de\/en\/education\/international-talents\/#breadcrumb"},"inLanguage":"en-US","potentialAction":[{"@type":"ReadAction","target":["https:\/\/www.auxtalents.de\/en\/education\/international-talents\/"]}]},{"@type":"ImageObject","inLanguage":"en-US","@id":"https:\/\/www.auxtalents.de\/en\/education\/international-talents\/#primaryimage","url":"https:\/\/www.auxtalents.de\/wp-content\/uploads\/sites\/10\/2025\/05\/azubis-bei-compassio.webp","contentUrl":"https:\/\/www.auxtalents.de\/wp-content\/uploads\/sites\/10\/2025\/05\/azubis-bei-compassio.webp"},{"@type":"BreadcrumbList","@id":"https:\/\/www.auxtalents.de\/en\/education\/international-talents\/#breadcrumb","itemListElement":[{"@type":"ListItem","position":1,"name":"Startseite","item":"https:\/\/www.auxtalents.de\/en\/homepage\/"},{"@type":"ListItem","position":2,"name":"Education","item":"https:\/\/www.auxtalents.de\/en\/education\/"},{"@type":"ListItem","position":3,"name":"International talents"}]},{"@type":"WebSite","@id":"https:\/\/www.auxtalents.de\/#website","url":"https:\/\/www.auxtalents.de\/","name":"aux.talents","description":"","publisher":{"@id":"https:\/\/www.auxtalents.de\/#organization"},"potentialAction":[{"@type":"SearchAction","target":{"@type":"EntryPoint","urlTemplate":"https:\/\/www.auxtalents.de\/?s={search_term_string}"},"query-input":{"@type":"PropertyValueSpecification","valueRequired":true,"valueName":"search_term_string"}}],"inLanguage":"en-US"},{"@type":"Organization","@id":"https:\/\/www.auxtalents.de\/#organization","name":"aux.talents","url":"https:\/\/www.auxtalents.de\/","logo":{"@type":"ImageObject","inLanguage":"en-US","@id":"https:\/\/www.auxtalents.de\/#\/schema\/logo\/image\/","url":"https:\/\/www.auxtalents.de\/wp-content\/uploads\/sites\/10\/2025\/03\/auxtalents-logo.png","contentUrl":"https:\/\/www.auxtalents.de\/wp-content\/uploads\/sites\/10\/2025\/03\/auxtalents-logo.png","width":338,"height":83,"caption":"aux.talents"},"image":{"@id":"https:\/\/www.auxtalents.de\/#\/schema\/logo\/image\/"}}]}},"publishpress_future_action":{"enabled":false,"date":"2026-05-09 06:56:32","action":"change-status","newStatus":"draft","terms":[],"taxonomy":"category","extraData":[]},"publishpress_future_workflow_manual_trigger":{"enabledWorkflows":[]},"_links":{"self":[{"href":"https:\/\/www.auxtalents.de\/en\/wp-json\/wp\/v2\/pages\/6605","targetHints":{"allow":["GET"]}}],"collection":[{"href":"https:\/\/www.auxtalents.de\/en\/wp-json\/wp\/v2\/pages"}],"about":[{"href":"https:\/\/www.auxtalents.de\/en\/wp-json\/wp\/v2\/types\/page"}],"author":[{"embeddable":true,"href":"https:\/\/www.auxtalents.de\/en\/wp-json\/wp\/v2\/users\/108"}],"replies":[{"embeddable":true,"href":"https:\/\/www.auxtalents.de\/en\/wp-json\/wp\/v2\/comments?post=6605"}],"version-history":[{"count":13,"href":"https:\/\/www.auxtalents.de\/en\/wp-json\/wp\/v2\/pages\/6605\/revisions"}],"predecessor-version":[{"id":7405,"href":"https:\/\/www.auxtalents.de\/en\/wp-json\/wp\/v2\/pages\/6605\/revisions\/7405"}],"up":[{"embeddable":true,"href":"https:\/\/www.auxtalents.de\/en\/wp-json\/wp\/v2\/pages\/6626"}],"wp:attachment":[{"href":"https:\/\/www.auxtalents.de\/en\/wp-json\/wp\/v2\/media?parent=6605"}],"wp:term":[{"taxonomy":"category","embeddable":true,"href":"https:\/\/www.auxtalents.de\/en\/wp-json\/wp\/v2\/categories?post=6605"},{"taxonomy":"post_tag","embeddable":true,"href":"https:\/\/www.auxtalents.de\/en\/wp-json\/wp\/v2\/tags?post=6605"}],"curies":[{"name":"wp","href":"https:\/\/api.w.org\/{rel}","templated":true}]}}